{"id":96,"date":"2011-02-05T19:39:30","date_gmt":"2011-02-05T18:39:30","guid":{"rendered":"http:\/\/almenmedicin-nord.dk\/?page_id=96"},"modified":"2026-04-05T16:41:25","modified_gmt":"2026-04-05T15:41:25","slug":"temadage","status":"publish","type":"page","link":"https:\/\/almenmedicin-nord.dk\/?page_id=96","title":{"rendered":"Temadage"},"content":{"rendered":"<p>To gange \u00e5rligt afholdes en temadag for alle almenmedicinske hoveduddannelsesl\u00e6ger i regionen.<\/p>\n<p>Dagene planl\u00e6gges af AMU-gruppen, prim\u00e6rt af DynAMU&#8217;erne.<\/p>\n<p>Dagene annonceres p\u00e5 siden her, og oftest meldes n\u00e6ste temadag ud allerede som afslutning p\u00e5 den foreg\u00e5ende.<\/p>\n<p>Deltagelse er obligatorisk. Man har ret til fri med l\u00f8n fra praksis eller afdelingen, s\u00e5fremt der er s\u00f8gt rettidigt. S\u00e5fremt uddannelsesl\u00e6ger ikke deltager, forventes at det enten er fordi man har ferie eller er p\u00e5 arbejde p\u00e5 afdeling\/i praksis.\u00a0<\/p>\n\n\n<p>Datoerne for temadagene i \u00e5rene fremover er: <br><br>2026: 28 april og 8 oktober <br>2027: 27 april og 14 oktober <br>2028: 25 april og 12 oktober <br>2029: 24 april og 11 oktober<\/p>\n","protected":false},"excerpt":{"rendered":"<p>To gange \u00e5rligt afholdes en temadag for alle almenmedicinske hoveduddannelsesl\u00e6ger i regionen. Dagene planl\u00e6gges af AMU-gruppen, prim\u00e6rt af DynAMU&#8217;erne. Dagene annonceres p\u00e5 siden her, og oftest meldes n\u00e6ste temadag ud allerede som afslutning p\u00e5 den foreg\u00e5ende. Deltagelse er obligatorisk. Man har ret til fri med l\u00f8n fra praksis eller afdelingen, s\u00e5fremt der er s\u00f8gt rettidigt&#8230;.<\/p>\n","protected":false},"author":1,"featured_media":0,"parent":5,"menu_order":6,"comment_status":"closed","ping_status":"closed","template":"","meta":{"_kadence_starter_templates_imported_post":false,"_kad_post_transparent":"","_kad_post_title":"","_kad_post_layout":"","_kad_post_sidebar_id":"","_kad_post_content_style":"","_kad_post_vertical_padding":"","_kad_post_feature":"","_kad_post_feature_position":"","_kad_post_header":false,"_kad_post_footer":false,"_kad_post_classname":"","footnotes":""},"class_list":["post-96","page","type-page","status-publish","hentry"],"_links":{"self":[{"href":"https:\/\/almenmedicin-nord.dk\/index.php?rest_route=\/wp\/v2\/pages\/96","targetHints":{"allow":["GET"]}}],"collection":[{"href":"https:\/\/almenmedicin-nord.dk\/index.php?rest_route=\/wp\/v2\/pages"}],"about":[{"href":"https:\/\/almenmedicin-nord.dk\/index.php?rest_route=\/wp\/v2\/types\/page"}],"author":[{"embeddable":true,"href":"https:\/\/almenmedicin-nord.dk\/index.php?rest_route=\/wp\/v2\/users\/1"}],"replies":[{"embeddable":true,"href":"https:\/\/almenmedicin-nord.dk\/index.php?rest_route=%2Fwp%2Fv2%2Fcomments&post=96"}],"version-history":[{"count":8,"href":"https:\/\/almenmedicin-nord.dk\/index.php?rest_route=\/wp\/v2\/pages\/96\/revisions"}],"predecessor-version":[{"id":14733,"href":"https:\/\/almenmedicin-nord.dk\/index.php?rest_route=\/wp\/v2\/pages\/96\/revisions\/14733"}],"up":[{"embeddable":true,"href":"https:\/\/almenmedicin-nord.dk\/index.php?rest_route=\/wp\/v2\/pages\/5"}],"wp:attachment":[{"href":"https:\/\/almenmedicin-nord.dk\/index.php?rest_route=%2Fwp%2Fv2%2Fmedia&parent=96"}],"curies":[{"name":"wp","href":"https:\/\/api.w.org\/{rel}","templated":true}]}}