{"id":88,"date":"2010-12-02T10:33:13","date_gmt":"2010-12-02T09:33:13","guid":{"rendered":"http:\/\/almenmedicin-nord.dk\/?page_id=88"},"modified":"2022-04-29T09:14:25","modified_gmt":"2022-04-29T08:14:25","slug":"frav%c3%a6rsregler","status":"publish","type":"page","link":"https:\/\/almenmedicin-nord.dk\/?page_id=88","title":{"rendered":"Frav\u00e6rsregler"},"content":{"rendered":"<h3>10% reglen<\/h3>\n<div>\n<p>Sundhedsstyrelsen opstiller i <a href=\"https:\/\/www.retsinformation.dk\/eli\/lta\/2018\/96\" target=\"_blank\" rel=\"noopener noreferrer\" name=\"EXT\">bekendtg\u00f8relse om uddannelse af speciall\u00e6ger<\/a>\u00a0\u00a713, regler for frav\u00e6r under speciall\u00e6geuddannelsen. Ud over informationerne p\u00e5 denne side, kan du finde yderligere oplysninger p\u00e5 Videreuddannelses sekretariatets<a href=\"http:\/\/www.videreuddannelsen-nord.dk\/hoveduddannelse\/barsel-orlov-eller-andre-andringer\/andringer-i-dit-hoveduddannelsesforlob\/\"> hjemmeside<\/a>.<\/p>\n<p>Det h\u00f8jst tilladelige frav\u00e6r er 10% af den fastsatte varighed for en given uddannelsesdel.<\/p>\n<p>Et \u00e5r er, ved udregning af frav\u00e6r, fastsat til 360 dage, svarende til et maximalt frav\u00e6r p\u00e5 36 dage. Ved frav\u00e6r ud over 10% forl\u00e6nges uddannelsestiden med den samlede frav\u00e6rsperiode. Dvs. at en uddannelsess\u00f8gende l\u00e6ge med\u00a012 % frav\u00e6r fra en uddannelsesdel, ogs\u00e5 skal forl\u00e6nges med 12 % af uddannelsestiden og ikke bare de 2 % som l\u00e6gen overskrider 10 % reglen med.<\/p>\n<p><strong>Ved frav\u00e6r forst\u00e5s frav\u00e6rsperioder pga.:<\/strong><\/p>\n<ul>\n<li>Sygdom<\/li>\n<li>Graviditet, adoption og barsel<\/li>\n<li>Omsorgsdage (2 dage pr. \u00e5r pr. barn t.o.m. d\u00e9t kalender\u00e5r, hvor barnet fylder 7 \u00e5r iflg. overenskomst mellem YL og PLO og YL og Danske Regioner)<\/li>\n<li>Andre s\u00e6rlige grunde, herunder tjenestefrihed til behandling af barnl\u00f8shed (uanset om der foreligger \u00a756 aftale), barns 1. sygedag,\u00a0ikke-obligatoriske\/valgfri kursusdeltagelse, tjenestefrihed til l\u00e6gebes\u00f8g, tandl\u00e6ge, ledsagelse af mindre\u00e5rigt barn til l\u00e6ge o.lign.<\/li>\n<\/ul>\n<p>Specielt for s\u00e5 vidt ang\u00e5r kurser g\u00e6lder, at obligatoriske kurser i speciall\u00e6geuddannelsen skal f\u00f8lges og derfor ikke t\u00e6ller som frav\u00e6r. Har man et frav\u00e6r fra disse kurser p\u00e5 mere end 10% af kursustiden, skal denne tid ligeledes suppleres. \u00c5rsagerne til dette frav\u00e6r er de samme som ovenfor.<\/p>\n<p><strong>Til frav\u00e6r regnes ikke:<\/strong><\/p>\n<ul>\n<li>Obligatoriske kurser i speciall\u00e6geuddannelsen (l\u00e6ring, kommunikation, div. temadage, vejledning og SOL-kurser)<\/li>\n<li>Ferie og s\u00e6rlige feriedage (feriefridage).<br \/>\n6 uger for ansatte af regionen (klinisk basis, intro, fase 1), 5 uger for ansatte af almen praksis, idet den 6. uge er konvertert til et till\u00e6g (fase 2 og 3).<\/li>\n<\/ul>\n<p><strong>Ferie<\/strong><br \/>\nDet er vigtigt, at uddannelsesl\u00e6gen og tutor i god tid inden ans\u00e6ttelsens start m\u00f8des for at planl\u00e6gge ferie.<br \/>\nHovedferien (3 uger) skal varsles 3 m\u00e5neder f\u00f8r og restferien skal varsles 1 m\u00e5ned f\u00f8r den afholdes.<br \/>\nNaturligvis er det is\u00e6r vigtigt for praksis der holder ferielukket at v\u00e6re opm\u00e6rksom p\u00e5 dette.<\/p>\n<p>Arbejdsgiveren skal under hensyntagen til virksomhedens drift s\u00e5 vidt muligt im\u00f8dekomme l\u00f8nmodtagerens \u00f8nske om, hvorn\u00e5r ferien \u00f8nskes afholdt, herunder l\u00f8nmodtagerens \u00f8nske om, at hovedferien holdes i l\u00f8nmodtagerens barns skoleferie. Tutorl\u00e6gen m\u00e5 v\u00e6re opm\u00e6rksom p\u00e5, at det ikke er givet, at den uddannelsess\u00f8gende l\u00e6ge har ferie til gode.<\/p>\n<p><strong>Jul og nyt\u00e5r<\/strong><\/p>\n<p>I YL&#8217;s overenskomst er 24\/12 og 31\/12 almindelige arbejdsdage. Da praksis er lukket der, skal enten bruges feriedage eller afspadseringsdage. Afspadsering kan eksempelvis optjenes i den obligatoriske l\u00e6gevagtsdeltagelse.<\/p>\n<\/div>\n","protected":false},"excerpt":{"rendered":"<p>10% reglen Sundhedsstyrelsen opstiller i bekendtg\u00f8relse om uddannelse af speciall\u00e6ger\u00a0\u00a713, regler for frav\u00e6r under speciall\u00e6geuddannelsen. Ud over informationerne p\u00e5 denne side, kan du finde yderligere oplysninger p\u00e5 Videreuddannelses sekretariatets hjemmeside. Det h\u00f8jst tilladelige frav\u00e6r er 10% af den fastsatte varighed for en given uddannelsesdel. Et \u00e5r er, ved udregning af frav\u00e6r, fastsat til 360 dage,&#8230;<\/p>\n","protected":false},"author":1,"featured_media":0,"parent":5,"menu_order":3,"comment_status":"closed","ping_status":"open","template":"","meta":{"_kadence_starter_templates_imported_post":false,"_kad_post_transparent":"","_kad_post_title":"","_kad_post_layout":"","_kad_post_sidebar_id":"","_kad_post_content_style":"","_kad_post_vertical_padding":"","_kad_post_feature":"","_kad_post_feature_position":"","_kad_post_header":false,"_kad_post_footer":false,"_kad_post_classname":"","footnotes":""},"class_list":["post-88","page","type-page","status-publish","hentry"],"_links":{"self":[{"href":"https:\/\/almenmedicin-nord.dk\/index.php?rest_route=\/wp\/v2\/pages\/88","targetHints":{"allow":["GET"]}}],"collection":[{"href":"https:\/\/almenmedicin-nord.dk\/index.php?rest_route=\/wp\/v2\/pages"}],"about":[{"href":"https:\/\/almenmedicin-nord.dk\/index.php?rest_route=\/wp\/v2\/types\/page"}],"author":[{"embeddable":true,"href":"https:\/\/almenmedicin-nord.dk\/index.php?rest_route=\/wp\/v2\/users\/1"}],"replies":[{"embeddable":true,"href":"https:\/\/almenmedicin-nord.dk\/index.php?rest_route=%2Fwp%2Fv2%2Fcomments&post=88"}],"version-history":[{"count":10,"href":"https:\/\/almenmedicin-nord.dk\/index.php?rest_route=\/wp\/v2\/pages\/88\/revisions"}],"predecessor-version":[{"id":1215,"href":"https:\/\/almenmedicin-nord.dk\/index.php?rest_route=\/wp\/v2\/pages\/88\/revisions\/1215"}],"up":[{"embeddable":true,"href":"https:\/\/almenmedicin-nord.dk\/index.php?rest_route=\/wp\/v2\/pages\/5"}],"wp:attachment":[{"href":"https:\/\/almenmedicin-nord.dk\/index.php?rest_route=%2Fwp%2Fv2%2Fmedia&parent=88"}],"curies":[{"name":"wp","href":"https:\/\/api.w.org\/{rel}","templated":true}]}}